{"id":4,"date":"2016-09-25T05:36:28","date_gmt":"2016-09-25T05:36:28","guid":{"rendered":"http:\/\/sv-buero-richter.com\/?page_id=4"},"modified":"2017-02-22T23:44:31","modified_gmt":"2017-02-22T23:44:31","slug":"joerg-richter","status":"publish","type":"page","link":"https:\/\/sv-buero-richter.com\/?page_id=4","title":{"rendered":"J\u00f6rg Richter"},"content":{"rendered":"<p class=\"p1\">Das Sachverst\u00e4ndigenb\u00fcro wurde 1996 vom <img loading=\"lazy\" decoding=\"async\" class=\" wp-image-88 alignright\" src=\"http:\/\/sv-buero-richter.com\/wp-content\/uploads\/2016\/09\/joerg_richter-300x188.jpg\" alt=\"joerg_richter\" width=\"351\" height=\"220\" srcset=\"https:\/\/sv-buero-richter.com\/wp-content\/uploads\/2016\/09\/joerg_richter-300x188.jpg 300w, https:\/\/sv-buero-richter.com\/wp-content\/uploads\/2016\/09\/joerg_richter-480x300.jpg 480w, https:\/\/sv-buero-richter.com\/wp-content\/uploads\/2016\/09\/joerg_richter.jpg 550w\" sizes=\"auto, (max-width: 351px) 100vw, 351px\" \/>Kraftfahrzeugmeister\u00a0J\u00f6rg Richter\u00a0in Marburg gegr\u00fcndet.<\/p>\n<p class=\"p1\"><span class=\"s1\">Seit 1997 ist J\u00f6rg Richter vom <strong>IfS Zert Personalzertifiziert nach DIN EN 45013<\/strong> als Sachverst\u00e4ndiger f\u00fcr Kraftfahrzeugsch\u00e4den und \u2013Bewertungen.\u00a0<\/span><\/p>\n<p class=\"p1\"><span class=\"s1\">1999 wurde er beim <strong>IfS als Pr\u00fcfer zur Zertifizierung von Kfz-Sachverst\u00e4ndigen<\/strong> unter Vertrag gestellt.\u00a0<\/span><\/p>\n<p class=\"p1\"><span class=\"s1\">2004 wurde Herr Richter vor der IHK Kassel <strong>\u00f6ffentlich als vereidigter Sachverst\u00e4ndiger f\u00fcr Kfz-Sch\u00e4den und \u2013bewertung sowie Sch\u00e4den und Bewertung von Kraftr\u00e4dern bestellt<\/strong>. <\/span><\/p>\n<p class=\"p1\">\u00dcber diese T\u00e4tigen hinaus engagiert sich J\u00f6rg Richter seit 2013 als <strong>Dozent f\u00fcr das IfS<\/strong> in seinem Fachgebiet und lehrt in der Weiterbildung von Kfz-Sachverst\u00e4ndigen.<\/p>\n<p class=\"p1\">Weiterhin ist J\u00f6rg Richter Fahrlehrer aller Klassen.<\/p>\n<p class=\"p1\"><span class=\"s1\">Eine stetige Aus- und Weiterbildung sowie die Mitarbeit in Gremien, Aussch\u00fcssen und vor Gericht sichern unseren hohen Qualit\u00e4tsstandard zu Ihrem Nutzen.<\/span><\/p>\n<p class=\"p1\">Neben dem traditionellen Aufgabengebiet des Sachverst\u00e4ndigen, der Gutachtenerstellung im Schadenfall, bieten wir umfangreichen Service im Bereich von Motorradvermessungen, Fahrzeugbewertungen, R\u00fccknahme-Gutachten (Leasing, Finanzierung) Kausalit\u00e4tspr\u00fcfungen, Technischen-Gutachten, technische Aktenbearbeitung\/ -beratung f\u00fcr Versicherer und Schadenregulierter und allen Fragen rund um Ihr Fahrzeug.<\/p>\n","protected":false},"excerpt":{"rendered":"<p>Das Sachverst\u00e4ndigenb\u00fcro wurde 1996 vom Kraftfahrzeugmeister\u00a0J\u00f6rg Richter\u00a0in Marburg gegr\u00fcndet. Seit 1997 ist J\u00f6rg Richter vom IfS Zert Personalzertifiziert nach DIN EN 45013 als Sachverst\u00e4ndiger f\u00fcr Kraftfahrzeugsch\u00e4den und \u2013Bewertungen.\u00a0 1999 wurde &#8230;<\/p>\n","protected":false},"author":1,"featured_media":0,"parent":33,"menu_order":1,"comment_status":"closed","ping_status":"closed","template":"template-left-sidebar.php","meta":{"footnotes":""},"class_list":["post-4","page","type-page","status-publish","hentry"],"_links":{"self":[{"href":"https:\/\/sv-buero-richter.com\/index.php?rest_route=\/wp\/v2\/pages\/4","targetHints":{"allow":["GET"]}}],"collection":[{"href":"https:\/\/sv-buero-richter.com\/index.php?rest_route=\/wp\/v2\/pages"}],"about":[{"href":"https:\/\/sv-buero-richter.com\/index.php?rest_route=\/wp\/v2\/types\/page"}],"author":[{"embeddable":true,"href":"https:\/\/sv-buero-richter.com\/index.php?rest_route=\/wp\/v2\/users\/1"}],"replies":[{"embeddable":true,"href":"https:\/\/sv-buero-richter.com\/index.php?rest_route=%2Fwp%2Fv2%2Fcomments&post=4"}],"version-history":[{"count":4,"href":"https:\/\/sv-buero-richter.com\/index.php?rest_route=\/wp\/v2\/pages\/4\/revisions"}],"predecessor-version":[{"id":151,"href":"https:\/\/sv-buero-richter.com\/index.php?rest_route=\/wp\/v2\/pages\/4\/revisions\/151"}],"up":[{"embeddable":true,"href":"https:\/\/sv-buero-richter.com\/index.php?rest_route=\/wp\/v2\/pages\/33"}],"wp:attachment":[{"href":"https:\/\/sv-buero-richter.com\/index.php?rest_route=%2Fwp%2Fv2%2Fmedia&parent=4"}],"curies":[{"name":"wp","href":"https:\/\/api.w.org\/{rel}","templated":true}]}}